{"id":2440,"date":"2019-09-22T15:19:52","date_gmt":"2019-09-22T13:19:52","guid":{"rendered":"https:\/\/annandaniel.com\/commissions\/ibis-styles-by-us\/"},"modified":"2023-06-21T07:57:15","modified_gmt":"2023-06-21T05:57:15","slug":"ibis-styles-by-us","status":"publish","type":"commissions","link":"https:\/\/annandaniel.com\/es\/colaboraciones\/ibis-styles-by-us\/","title":{"rendered":"Ibis Styles by Us"},"content":{"rendered":"\n<p>Ibis Styles, parte del Grupo de Hoteles Accor, lanz\u00f3 un concurso internacional llamado \u00abIbis Styles By Us\u00bb. \u00bfCu\u00e1l era el objetivo? Dar vida a la pasi\u00f3n que siente la marca por el dise\u00f1o despertando la creatividad que todos llevamos dentro. \u00bfY el resultado? \u00a1Casi 3.000 im\u00e1genes creativas fueron presentadas al concurso!<\/p>\n\n\n\n<p>Los 10 ganadores tendr\u00edan la oportunidad de exhibir sus fotograf\u00edas, junto a nuestro trabajo, en una exposici\u00f3n itinerante internacional y que se mostrar\u00eda en 9 emblem\u00e1ticos hoteles de la cadena: Barcelona, Varsovia, Sao Paulo, Lausana, Viena, Den Haag, Londres, Yakarta y Bangkok.<\/p>\n\n\n\n<p>Para ayudar al p\u00fablico a descubrir tu lado m\u00e1s creativo, creamos una serie de im\u00e1genes junto con varios v\u00eddeo-tutoriales que explican c\u00f3mo tomar la fotograf\u00eda perfecta.<\/p>\n\n\n\n<figure class=\"wp-block-gallery has-nested-images columns-default is-cropped wp-block-gallery-1 is-layout-flex wp-block-gallery-is-layout-flex\">\n<figure class=\"wp-block-image size-large\"><img loading=\"lazy\" decoding=\"async\" width=\"1280\" height=\"1024\" data-id=\"499\" src=\"https:\/\/annandaniel.com\/wp-content\/uploads\/2019\/09\/Annandaniel_Anniset_DrCuerda_Creative-influencer-instagram-campaign_Ibis-Styles-By-Us_1-1280x1024.jpg\" alt=\"Annandaniel Anniset DrCuerda Anna Dev\u00eds Daniel Rueda Ibis Hotels Styles by Us Influencer campaign creative instagram\" class=\"wp-image-499\" srcset=\"https:\/\/annandaniel.com\/wp-content\/uploads\/2019\/09\/Annandaniel_Anniset_DrCuerda_Creative-influencer-instagram-campaign_Ibis-Styles-By-Us_1.jpg 1280w, https:\/\/annandaniel.com\/wp-content\/uploads\/2019\/09\/Annandaniel_Anniset_DrCuerda_Creative-influencer-instagram-campaign_Ibis-Styles-By-Us_1-600x480.jpg 600w, https:\/\/annandaniel.com\/wp-content\/uploads\/2019\/09\/Annandaniel_Anniset_DrCuerda_Creative-influencer-instagram-campaign_Ibis-Styles-By-Us_1-200x160.jpg 200w, https:\/\/annandaniel.com\/wp-content\/uploads\/2019\/09\/Annandaniel_Anniset_DrCuerda_Creative-influencer-instagram-campaign_Ibis-Styles-By-Us_1-768x614.jpg 768w\" sizes=\"auto, (max-width: 1280px) 100vw, 1280px\" \/><\/figure>\n<\/figure>\n\n\n\n<figure class=\"wp-block-gallery has-nested-images columns-2 is-cropped wp-block-gallery-2 is-layout-flex wp-block-gallery-is-layout-flex\">\n<figure class=\"wp-block-image size-large\"><img loading=\"lazy\" decoding=\"async\" width=\"1280\" height=\"1280\" data-id=\"502\" src=\"https:\/\/annandaniel.com\/wp-content\/uploads\/2019\/09\/Annandaniel_Anniset_DrCuerda_Creative-influencer-instagram-campaign_Ibis-Styles-By-Us_3.jpg\" alt=\"What the Hat series sombrero Fotograf\u00eda creativa Annandaniel Anniset DrCuerda Anna Dev\u00eds Daniel Rueda Ibis Hotels Styles by Us Influencer campaign creative instagram\" class=\"wp-image-502\" srcset=\"https:\/\/annandaniel.com\/wp-content\/uploads\/2019\/09\/Annandaniel_Anniset_DrCuerda_Creative-influencer-instagram-campaign_Ibis-Styles-By-Us_3.jpg 1280w, https:\/\/annandaniel.com\/wp-content\/uploads\/2019\/09\/Annandaniel_Anniset_DrCuerda_Creative-influencer-instagram-campaign_Ibis-Styles-By-Us_3-300x300.jpg 300w, https:\/\/annandaniel.com\/wp-content\/uploads\/2019\/09\/Annandaniel_Anniset_DrCuerda_Creative-influencer-instagram-campaign_Ibis-Styles-By-Us_3-100x100.jpg 100w, https:\/\/annandaniel.com\/wp-content\/uploads\/2019\/09\/Annandaniel_Anniset_DrCuerda_Creative-influencer-instagram-campaign_Ibis-Styles-By-Us_3-600x600.jpg 600w, https:\/\/annandaniel.com\/wp-content\/uploads\/2019\/09\/Annandaniel_Anniset_DrCuerda_Creative-influencer-instagram-campaign_Ibis-Styles-By-Us_3-200x200.jpg 200w, https:\/\/annandaniel.com\/wp-content\/uploads\/2019\/09\/Annandaniel_Anniset_DrCuerda_Creative-influencer-instagram-campaign_Ibis-Styles-By-Us_3-768x768.jpg 768w\" sizes=\"auto, (max-width: 1280px) 100vw, 1280px\" \/><\/figure>\n\n\n\n<figure class=\"wp-block-image size-large\"><img loading=\"lazy\" decoding=\"async\" width=\"1280\" height=\"1280\" data-id=\"503\" src=\"https:\/\/annandaniel.com\/wp-content\/uploads\/2019\/09\/Annandaniel_Anniset_DrCuerda_Creative-influencer-instagram-campaign_Ibis-Styles-By-Us_2.jpg\" alt=\"\" class=\"wp-image-503\" srcset=\"https:\/\/annandaniel.com\/wp-content\/uploads\/2019\/09\/Annandaniel_Anniset_DrCuerda_Creative-influencer-instagram-campaign_Ibis-Styles-By-Us_2.jpg 1280w, https:\/\/annandaniel.com\/wp-content\/uploads\/2019\/09\/Annandaniel_Anniset_DrCuerda_Creative-influencer-instagram-campaign_Ibis-Styles-By-Us_2-300x300.jpg 300w, https:\/\/annandaniel.com\/wp-content\/uploads\/2019\/09\/Annandaniel_Anniset_DrCuerda_Creative-influencer-instagram-campaign_Ibis-Styles-By-Us_2-100x100.jpg 100w, https:\/\/annandaniel.com\/wp-content\/uploads\/2019\/09\/Annandaniel_Anniset_DrCuerda_Creative-influencer-instagram-campaign_Ibis-Styles-By-Us_2-600x600.jpg 600w, https:\/\/annandaniel.com\/wp-content\/uploads\/2019\/09\/Annandaniel_Anniset_DrCuerda_Creative-influencer-instagram-campaign_Ibis-Styles-By-Us_2-200x200.jpg 200w, https:\/\/annandaniel.com\/wp-content\/uploads\/2019\/09\/Annandaniel_Anniset_DrCuerda_Creative-influencer-instagram-campaign_Ibis-Styles-By-Us_2-768x768.jpg 768w\" sizes=\"auto, (max-width: 1280px) 100vw, 1280px\" \/><\/figure>\n<\/figure>\n\n\n\n<figure class=\"wp-block-embed is-type-video is-provider-youtube wp-block-embed-youtube wp-embed-aspect-16-9 wp-has-aspect-ratio\"><div class=\"wp-block-embed__wrapper\">\n<iframe loading=\"lazy\" title=\"#3 A few tips to participate to ibis Styles By Us Contest \u2022 ibis Styles\" width=\"500\" height=\"281\" src=\"https:\/\/www.youtube.com\/embed\/I8XYCrXWBIc?start=3&#038;feature=oembed\" frameborder=\"0\" allow=\"accelerometer; autoplay; clipboard-write; encrypted-media; gyroscope; picture-in-picture; web-share\" referrerpolicy=\"strict-origin-when-cross-origin\" allowfullscreen><\/iframe>\n<\/div><\/figure>\n","protected":false},"featured_media":2165,"template":"","clients":[136],"class_list":["post-2440","commissions","type-commissions","status-publish","has-post-thumbnail","hentry","clients-ibis-hotels-es"],"acf":[],"yoast_head":"<!-- This site is optimized with the Yoast SEO plugin v26.9 - https:\/\/yoast.com\/product\/yoast-seo-wordpress\/ -->\n<title>Ibis Styles by Us | Anna Dev\u00eds and Daniel Rueda<\/title>\n<meta name=\"description\" content=\"&quot;Ibis Styles By Us&quot; es un concurso creado por Ibis Styles que surge para despertar el lado m\u00e1s creativo de todos nosotros.\" \/>\n<meta name=\"robots\" content=\"index, follow, max-snippet:-1, max-image-preview:large, max-video-preview:-1\" \/>\n<link rel=\"canonical\" href=\"https:\/\/annandaniel.com\/es\/colaboraciones\/ibis-styles-by-us\/\" \/>\n<meta property=\"og:locale\" content=\"es_ES\" \/>\n<meta property=\"og:type\" content=\"article\" \/>\n<meta property=\"og:title\" content=\"Ibis Styles by Us | Anna Dev\u00eds and Daniel Rueda\" \/>\n<meta property=\"og:description\" content=\"&quot;Ibis Styles By Us&quot; es un concurso creado por Ibis Styles que surge para despertar el lado m\u00e1s creativo de todos nosotros.\" \/>\n<meta property=\"og:url\" content=\"https:\/\/annandaniel.com\/es\/colaboraciones\/ibis-styles-by-us\/\" \/>\n<meta property=\"og:site_name\" content=\"Anna Dev\u00eds and Daniel Rueda\" \/>\n<meta property=\"article:publisher\" content=\"https:\/\/www.facebook.com\/anniset.drcuerda\/\" \/>\n<meta property=\"article:modified_time\" content=\"2023-06-21T05:57:15+00:00\" \/>\n<meta property=\"og:image\" content=\"https:\/\/annandaniel.com\/wp-content\/uploads\/2019\/09\/Thumbnail_Annandaniel_Ibis_White.jpg\" \/>\n\t<meta property=\"og:image:width\" content=\"1280\" \/>\n\t<meta property=\"og:image:height\" content=\"1024\" \/>\n\t<meta property=\"og:image:type\" content=\"image\/jpeg\" \/>\n<meta name=\"twitter:card\" content=\"summary_large_image\" \/>\n<meta name=\"twitter:label1\" content=\"Tiempo de lectura\" \/>\n\t<meta name=\"twitter:data1\" content=\"2 minutos\" \/>\n<script type=\"application\/ld+json\" class=\"yoast-schema-graph\">{\"@context\":\"https:\/\/schema.org\",\"@graph\":[{\"@type\":\"WebPage\",\"@id\":\"https:\/\/annandaniel.com\/es\/colaboraciones\/ibis-styles-by-us\/\",\"url\":\"https:\/\/annandaniel.com\/es\/colaboraciones\/ibis-styles-by-us\/\",\"name\":\"Ibis Styles by Us | Anna Dev\u00eds and Daniel Rueda\",\"isPartOf\":{\"@id\":\"https:\/\/annandaniel.com\/es\/#website\"},\"primaryImageOfPage\":{\"@id\":\"https:\/\/annandaniel.com\/es\/colaboraciones\/ibis-styles-by-us\/#primaryimage\"},\"image\":{\"@id\":\"https:\/\/annandaniel.com\/es\/colaboraciones\/ibis-styles-by-us\/#primaryimage\"},\"thumbnailUrl\":\"https:\/\/annandaniel.com\/wp-content\/uploads\/2019\/09\/Thumbnail_Annandaniel_Ibis_White.jpg\",\"datePublished\":\"2019-09-22T13:19:52+00:00\",\"dateModified\":\"2023-06-21T05:57:15+00:00\",\"description\":\"\\\"Ibis Styles By Us\\\" es un concurso creado por Ibis Styles que surge para despertar el lado m\u00e1s creativo de todos nosotros.\",\"breadcrumb\":{\"@id\":\"https:\/\/annandaniel.com\/es\/colaboraciones\/ibis-styles-by-us\/#breadcrumb\"},\"inLanguage\":\"es\",\"potentialAction\":[{\"@type\":\"ReadAction\",\"target\":[\"https:\/\/annandaniel.com\/es\/colaboraciones\/ibis-styles-by-us\/\"]}]},{\"@type\":\"ImageObject\",\"inLanguage\":\"es\",\"@id\":\"https:\/\/annandaniel.com\/es\/colaboraciones\/ibis-styles-by-us\/#primaryimage\",\"url\":\"https:\/\/annandaniel.com\/wp-content\/uploads\/2019\/09\/Thumbnail_Annandaniel_Ibis_White.jpg\",\"contentUrl\":\"https:\/\/annandaniel.com\/wp-content\/uploads\/2019\/09\/Thumbnail_Annandaniel_Ibis_White.jpg\",\"width\":1280,\"height\":1024},{\"@type\":\"BreadcrumbList\",\"@id\":\"https:\/\/annandaniel.com\/es\/colaboraciones\/ibis-styles-by-us\/#breadcrumb\",\"itemListElement\":[{\"@type\":\"ListItem\",\"position\":1,\"name\":\"Portada\",\"item\":\"https:\/\/annandaniel.com\/es\/\"},{\"@type\":\"ListItem\",\"position\":2,\"name\":\"Encargos\",\"item\":\"https:\/\/annandaniel.com\/es\/colaboraciones\/\"},{\"@type\":\"ListItem\",\"position\":3,\"name\":\"Ibis Styles by Us\"}]},{\"@type\":\"WebSite\",\"@id\":\"https:\/\/annandaniel.com\/es\/#website\",\"url\":\"https:\/\/annandaniel.com\/es\/\",\"name\":\"Anna Dev\u00eds and Daniel Rueda\",\"description\":\"Creative duo Anna Dev\u00eds and Daniel Rueda tell stories through fun and surprising images taken in unexpected locations from all around the world.\",\"potentialAction\":[{\"@type\":\"SearchAction\",\"target\":{\"@type\":\"EntryPoint\",\"urlTemplate\":\"https:\/\/annandaniel.com\/es\/?s={search_term_string}\"},\"query-input\":{\"@type\":\"PropertyValueSpecification\",\"valueRequired\":true,\"valueName\":\"search_term_string\"}}],\"inLanguage\":\"es\"}]}<\/script>\n<!-- \/ Yoast SEO plugin. -->","yoast_head_json":{"title":"Ibis Styles by Us | Anna Dev\u00eds and Daniel Rueda","description":"\"Ibis Styles By Us\" es un concurso creado por Ibis Styles que surge para despertar el lado m\u00e1s creativo de todos nosotros.","robots":{"index":"index","follow":"follow","max-snippet":"max-snippet:-1","max-image-preview":"max-image-preview:large","max-video-preview":"max-video-preview:-1"},"canonical":"https:\/\/annandaniel.com\/es\/colaboraciones\/ibis-styles-by-us\/","og_locale":"es_ES","og_type":"article","og_title":"Ibis Styles by Us | Anna Dev\u00eds and Daniel Rueda","og_description":"\"Ibis Styles By Us\" es un concurso creado por Ibis Styles que surge para despertar el lado m\u00e1s creativo de todos nosotros.","og_url":"https:\/\/annandaniel.com\/es\/colaboraciones\/ibis-styles-by-us\/","og_site_name":"Anna Dev\u00eds and Daniel Rueda","article_publisher":"https:\/\/www.facebook.com\/anniset.drcuerda\/","article_modified_time":"2023-06-21T05:57:15+00:00","og_image":[{"width":1280,"height":1024,"url":"https:\/\/annandaniel.com\/wp-content\/uploads\/2019\/09\/Thumbnail_Annandaniel_Ibis_White.jpg","type":"image\/jpeg"}],"twitter_card":"summary_large_image","twitter_misc":{"Tiempo de lectura":"2 minutos"},"schema":{"@context":"https:\/\/schema.org","@graph":[{"@type":"WebPage","@id":"https:\/\/annandaniel.com\/es\/colaboraciones\/ibis-styles-by-us\/","url":"https:\/\/annandaniel.com\/es\/colaboraciones\/ibis-styles-by-us\/","name":"Ibis Styles by Us | Anna Dev\u00eds and Daniel Rueda","isPartOf":{"@id":"https:\/\/annandaniel.com\/es\/#website"},"primaryImageOfPage":{"@id":"https:\/\/annandaniel.com\/es\/colaboraciones\/ibis-styles-by-us\/#primaryimage"},"image":{"@id":"https:\/\/annandaniel.com\/es\/colaboraciones\/ibis-styles-by-us\/#primaryimage"},"thumbnailUrl":"https:\/\/annandaniel.com\/wp-content\/uploads\/2019\/09\/Thumbnail_Annandaniel_Ibis_White.jpg","datePublished":"2019-09-22T13:19:52+00:00","dateModified":"2023-06-21T05:57:15+00:00","description":"\"Ibis Styles By Us\" es un concurso creado por Ibis Styles que surge para despertar el lado m\u00e1s creativo de todos nosotros.","breadcrumb":{"@id":"https:\/\/annandaniel.com\/es\/colaboraciones\/ibis-styles-by-us\/#breadcrumb"},"inLanguage":"es","potentialAction":[{"@type":"ReadAction","target":["https:\/\/annandaniel.com\/es\/colaboraciones\/ibis-styles-by-us\/"]}]},{"@type":"ImageObject","inLanguage":"es","@id":"https:\/\/annandaniel.com\/es\/colaboraciones\/ibis-styles-by-us\/#primaryimage","url":"https:\/\/annandaniel.com\/wp-content\/uploads\/2019\/09\/Thumbnail_Annandaniel_Ibis_White.jpg","contentUrl":"https:\/\/annandaniel.com\/wp-content\/uploads\/2019\/09\/Thumbnail_Annandaniel_Ibis_White.jpg","width":1280,"height":1024},{"@type":"BreadcrumbList","@id":"https:\/\/annandaniel.com\/es\/colaboraciones\/ibis-styles-by-us\/#breadcrumb","itemListElement":[{"@type":"ListItem","position":1,"name":"Portada","item":"https:\/\/annandaniel.com\/es\/"},{"@type":"ListItem","position":2,"name":"Encargos","item":"https:\/\/annandaniel.com\/es\/colaboraciones\/"},{"@type":"ListItem","position":3,"name":"Ibis Styles by Us"}]},{"@type":"WebSite","@id":"https:\/\/annandaniel.com\/es\/#website","url":"https:\/\/annandaniel.com\/es\/","name":"Anna Dev\u00eds and Daniel Rueda","description":"Creative duo Anna Dev\u00eds and Daniel Rueda tell stories through fun and surprising images taken in unexpected locations from all around the world.","potentialAction":[{"@type":"SearchAction","target":{"@type":"EntryPoint","urlTemplate":"https:\/\/annandaniel.com\/es\/?s={search_term_string}"},"query-input":{"@type":"PropertyValueSpecification","valueRequired":true,"valueName":"search_term_string"}}],"inLanguage":"es"}]}},"_links":{"self":[{"href":"https:\/\/annandaniel.com\/es\/wp-json\/wp\/v2\/commissions\/2440","targetHints":{"allow":["GET"]}}],"collection":[{"href":"https:\/\/annandaniel.com\/es\/wp-json\/wp\/v2\/commissions"}],"about":[{"href":"https:\/\/annandaniel.com\/es\/wp-json\/wp\/v2\/types\/commissions"}],"wp:featuredmedia":[{"embeddable":true,"href":"https:\/\/annandaniel.com\/es\/wp-json\/wp\/v2\/media\/2165"}],"wp:attachment":[{"href":"https:\/\/annandaniel.com\/es\/wp-json\/wp\/v2\/media?parent=2440"}],"wp:term":[{"taxonomy":"clients","embeddable":true,"href":"https:\/\/annandaniel.com\/es\/wp-json\/wp\/v2\/clients?post=2440"}],"curies":[{"name":"wp","href":"https:\/\/api.w.org\/{rel}","templated":true}]}}